{"id":1060,"date":"2022-09-29T12:07:07","date_gmt":"2022-09-29T12:07:07","guid":{"rendered":"http:\/\/azokensarea.eus\/beasain\/"},"modified":"2024-03-15T10:26:26","modified_gmt":"2024-03-15T10:26:26","slug":"beasain","status":"publish","type":"page","link":"https:\/\/azokensarea.eus\/es\/beasain\/","title":{"rendered":"Beasain"},"content":{"rendered":"<h2>\n<p class=\"p1\"><strong>BEASAINGO<\/strong> BERTAKO PRODUKTUEN AZOKA<\/p>\n<\/h2>\n<div>\n<p>En Beasain tenemos dos d\u00edas de feria. Una cada martes y otra feria especial que se celebra el primer s\u00e1bado del mes.<\/p>\n<p>La primera feria, el martes, se oficializ\u00f3 en 1926, aunque antes vend\u00edan productos propios de los baserritarras del pueblo y su entorno. Sin embargo, la feria dur\u00f3 poco, ya que al a\u00f1o se prohibi\u00f3 oficialmente la feria de Beasain y hubo que esperar hasta 1935 para volver a celebrarse la feria legal.<\/p>\n<p>La segunda feria, que se celebra el primer s\u00e1bado de cada mes, es un proyecto puesto en marcha por el Gobierno Municipal en 2017, con el objetivo de poner en valor el trabajo de los productores locales y baserritarras, as\u00ed como incrementar el consumo de productos de temporada y atraer a los consumidores al mercado.<\/p>\n<p>En esta feria, adem\u00e1s de las hortalizas de temporada, se pueden encontrar diferentes puestos de productos de la zona como queso de vaca y oveja, diferentes panes, miel, flores, tartas y galletas, as\u00ed como un puesto de venta de bolsos y collares artesanales. Adem\u00e1s, cada mes se celebra un taller en el que se tratan diferentes temas y en el que se sortean dos cestas de productos locales de la feria.<\/p>\n<\/div>\n<div>\n<h4>D\u00cdA DE MERCADO Y HORARIO:<\/h4>\n<div>\n<p>Martes por la ma\u00f1ana:8:00-13:00<br \/>Primer s\u00e1bado de mes: 10:00-14:00<\/p>\n<\/div>\n<\/div>\n<div>\n<h3>UBICACI\u00d3N:<\/h3>\n<div>\n<p>El mercado se celebra debajo de la plaza San Martin de Loinaz<\/p>\n<\/div>\n<p><a href=\"https:\/\/goo.gl\/maps\/JjN1FQhgcsZd4Aqn6\">Ver ubicaci\u00f3n<\/a><\/p>\n<\/div>\n<div>\n<h3>PROGRAMA AZOKATIK MAHAIRA:<\/h3>\n<p><a href=\"https:\/\/www.youtube.com\/watch?v=G7GHXxOPZq8\">Ver v\u00eddeo<\/a><\/p>\n<\/div>\n<div>\n<h3>Enlaces:<\/h3>\n<\/div>\n<ul>\n<li><a href=\"https:\/\/www.beasain.eus\/azokaberezia\/ekoizleak\">social<\/a>\n<\/li>\n<li><a href=\"https:\/\/twitter.com\/BeasaingoUdala\">twitter<\/a>\n<\/li>\n<li><a href=\"https:\/\/www.facebook.com\/beasaingoudala\">facebook<\/a>\n<\/li>\n<li><a href=\"https:\/\/www.instagram.com\/beasainudala\/\">instagram<\/a>\n<\/li>\n<\/ul>\n<div>\n<p>    <img src=\"\/wp-content\/uploads\/2022\/06\/beasain3.jpg\" alt=\"\"><\/p>\n<\/div>\n<div>\n<p>    <img src=\"\/wp-content\/uploads\/2022\/06\/beasain2.jpg\" alt=\"\"><\/p>\n<\/div>\n<div>\n<p>    <img src=\"\/wp-content\/uploads\/2022\/06\/beasain1.jpg\" alt=\"\"><\/p>\n<\/div>\n<p><!--more--><br \/>\n<!-- {\"type\":\"layout\",\"children\":[{\"type\":\"section\",\"props\":{\"animation\":\"fade\",\"animation_delay\":\"200\",\"id\":\"beasain\",\"image_position\":\"center-center\",\"style\":\"primary\",\"title_breakpoint\":\"xl\",\"title_position\":\"top-left\",\"title_rotation\":\"left\",\"vertical_align\":\"middle\",\"width\":\"default\"},\"children\":[{\"type\":\"row\",\"children\":[{\"type\":\"column\",\"props\":{\"image_position\":\"center-center\",\"position_sticky_breakpoint\":\"m\"},\"children\":[{\"type\":\"headline\",\"props\":{\"content\":\"\n\n<p class=\\\"p1\\\"><strong>BEASAINGO<\\\/strong> BERTAKO PRODUKTUEN AZOKA<\\\/p>\",\"title_color\":\"primary\",\"title_element\":\"h2\",\"title_style\":\"h2\"}}]}]},{\"type\":\"row\",\"props\":{\"layout\":\"3-5,2-5\"},\"children\":[{\"type\":\"column\",\"props\":{\"image_position\":\"center-center\",\"position_sticky_breakpoint\":\"m\",\"width_medium\":\"3-5\"},\"children\":[{\"type\":\"text\",\"props\":{\"column_breakpoint\":\"m\",\"content\":\"\n\n<p>En Beasain tenemos dos d\\u00edas de feria. Una cada martes y otra feria especial que se celebra el primer s\\u00e1bado del mes.<\\\/p>\\n\n\n<p>La primera feria, el martes, se oficializ\\u00f3 en 1926, aunque antes vend\\u00edan productos propios de los baserritarras del pueblo y su entorno. Sin embargo, la feria dur\\u00f3 poco, ya que al a\\u00f1o se prohibi\\u00f3 oficialmente la feria de Beasain y hubo que esperar hasta 1935 para volver a celebrarse la feria legal.<\\\/p>\\n\n\n<p>La segunda feria, que se celebra el primer s\\u00e1bado de cada mes, es un proyecto puesto en marcha por el Gobierno Municipal en 2017, con el objetivo de poner en valor el trabajo de los productores locales y baserritarras, as\\u00ed como incrementar el consumo de productos de temporada y atraer a los consumidores al mercado.<\\\/p>\\n\n\n<p>En esta feria, adem\\u00e1s de las hortalizas de temporada, se pueden encontrar diferentes puestos de productos de la zona como queso de vaca y oveja, diferentes panes, miel, flores, tartas y galletas, as\\u00ed como un puesto de venta de bolsos y collares artesanales. Adem\\u00e1s, cada mes se celebra un taller en el que se tratan diferentes temas y en el que se sortean dos cestas de productos locales de la feria.<\\\/p>\",\"margin\":\"default\",\"text_style\":\"large\"}}]},{\"type\":\"column\",\"props\":{\"image_position\":\"center-center\",\"position_sticky_breakpoint\":\"m\",\"width_medium\":\"2-5\"},\"children\":[{\"type\":\"panel\",\"props\":{\"content\":\"\n\n<p>Martes por la ma\\u00f1ana:8:00-13:00<br \\\/>Primer s\\u00e1bado de mes: 10:00-14:00<\\\/p>\",\"content_column_breakpoint\":\"m\",\"content_margin\":\"small\",\"icon_width\":80,\"image_align\":\"top\",\"image_grid_breakpoint\":\"m\",\"image_grid_width\":\"1-2\",\"image_svg_color\":\"emphasis\",\"link_style\":\"default\",\"link_text\":\"Read more\",\"margin\":\"default\",\"meta_align\":\"below-title\",\"meta_element\":\"div\",\"meta_style\":\"text-meta\",\"title\":\"D\\u00cdA DE MERCADO Y HORARIO:\",\"title_align\":\"top\",\"title_element\":\"h4\",\"title_grid_breakpoint\":\"m\",\"title_grid_width\":\"1-2\",\"title_hover_style\":\"reset\"}},{\"type\":\"panel\",\"props\":{\"content\":\"\n\n<p>El mercado se celebra debajo de la plaza San Martin de Loinaz<\\\/p>\",\"content_column_breakpoint\":\"m\",\"content_margin\":\"small\",\"icon_width\":80,\"image_align\":\"top\",\"image_grid_breakpoint\":\"m\",\"image_grid_width\":\"1-2\",\"image_svg_color\":\"emphasis\",\"link\":\"https:\\\/\\\/goo.gl\\\/maps\\\/JjN1FQhgcsZd4Aqn6\",\"link_margin\":\"small\",\"link_style\":\"text\",\"link_target\":true,\"link_text\":\"Ver ubicaci\\u00f3n\",\"margin\":\"default\",\"meta_align\":\"below-title\",\"meta_element\":\"div\",\"meta_style\":\"text-meta\",\"title\":\"UBICACI\\u00d3N:\",\"title_align\":\"top\",\"title_element\":\"h3\",\"title_grid_breakpoint\":\"m\",\"title_grid_width\":\"1-2\",\"title_hover_style\":\"reset\",\"title_style\":\"h4\"}},{\"type\":\"panel\",\"props\":{\"content\":\"\",\"content_column_breakpoint\":\"m\",\"content_margin\":\"small\",\"icon_width\":80,\"image_align\":\"top\",\"image_grid_breakpoint\":\"m\",\"image_grid_width\":\"1-2\",\"image_svg_color\":\"emphasis\",\"link\":\"https:\\\/\\\/www.youtube.com\\\/watch?v=G7GHXxOPZq8\",\"link_margin\":\"small\",\"link_style\":\"text\",\"link_target\":true,\"link_text\":\"Ver v\\u00eddeo\",\"margin\":\"default\",\"meta_align\":\"below-title\",\"meta_element\":\"div\",\"meta_style\":\"text-meta\",\"title\":\"PROGRAMA AZOKATIK MAHAIRA:\",\"title_align\":\"top\",\"title_element\":\"h3\",\"title_grid_breakpoint\":\"m\",\"title_grid_width\":\"1-2\",\"title_hover_style\":\"reset\",\"title_style\":\"h4\"},\"name\":\"azokatikmahaira\"},{\"type\":\"panel\",\"props\":{\"content\":\"\",\"content_column_breakpoint\":\"m\",\"content_margin\":\"small\",\"icon_width\":80,\"image_align\":\"top\",\"image_grid_breakpoint\":\"m\",\"image_grid_width\":\"1-2\",\"image_svg_color\":\"emphasis\",\"link_margin\":\"small\",\"link_style\":\"text\",\"link_target\":true,\"link_text\":\"Ikusi kokapena\",\"margin\":\"default\",\"meta_align\":\"below-title\",\"meta_element\":\"div\",\"meta_style\":\"text-meta\",\"title\":\"Enlaces:\",\"title_align\":\"top\",\"title_element\":\"h3\",\"title_grid_breakpoint\":\"m\",\"title_grid_width\":\"1-2\",\"title_hover_style\":\"reset\",\"title_style\":\"h4\"}},{\"type\":\"social\",\"props\":{\"grid\":\"horizontal\",\"grid_gap\":\"small\",\"image_svg_inline\":true,\"link_style\":\"\",\"link_target\":true,\"margin\":\"default\"},\"children\":[{\"type\":\"social_item\",\"props\":{\"icon\":\"world\",\"link\":\"https:\\\/\\\/www.beasain.eus\\\/azokaberezia\\\/ekoizleak\"}},{\"type\":\"social_item\",\"props\":{\"link\":\"https:\\\/\\\/twitter.com\\\/BeasaingoUdala\"}},{\"type\":\"social_item\",\"props\":{\"link\":\"https:\\\/\\\/www.facebook.com\\\/beasaingoudala\"}},{\"type\":\"social_item\",\"props\":{\"link\":\"https:\\\/\\\/www.instagram.com\\\/beasainudala\\\/\"}}]}]}]}],\"name\":\"beasain\"},{\"type\":\"section\",\"props\":{\"animation\":\"fade\",\"animation_delay\":\"200\",\"image_position\":\"center-center\",\"padding\":\"none\",\"style\":\"default\",\"title_breakpoint\":\"xl\",\"title_position\":\"top-left\",\"title_rotation\":\"left\",\"vertical_align\":\"middle\",\"width\":\"\"},\"children\":[{\"type\":\"row\",\"props\":{\"column_gap\":\"collapse\",\"row_gap\":\"collapse\"},\"children\":[{\"type\":\"column\",\"props\":{\"image_position\":\"center-center\",\"position_sticky_breakpoint\":\"m\"},\"children\":[{\"type\":\"slideshow\",\"props\":{\"link_style\":\"default\",\"link_text\":\"Read more\",\"margin\":\"default\",\"meta_align\":\"below-title\",\"meta_element\":\"div\",\"meta_style\":\"text-meta\",\"nav\":\"dotnav\",\"nav_align\":\"center\",\"nav_breakpoint\":\"s\",\"nav_position\":\"bottom-center\",\"nav_position_margin\":\"medium\",\"overlay_animation\":\"parallax\",\"overlay_position\":\"center-left\",\"show_content\":true,\"show_link\":true,\"show_meta\":true,\"show_thumbnail\":true,\"show_title\":true,\"slidenav\":\"default\",\"slidenav_breakpoint\":\"s\",\"slidenav_margin\":\"medium\",\"slidenav_outside_breakpoint\":\"xl\",\"slideshow_autoplay_pause\":true,\"slideshow_min_height\":300,\"thumbnav_height\":\"75\",\"thumbnav_svg_color\":\"emphasis\",\"thumbnav_width\":\"100\",\"title_element\":\"h3\"},\"children\":[{\"type\":\"slideshow_item\",\"props\":{\"image\":\"wp-content\\\/uploads\\\/2022\\\/06\\\/beasain3.jpg\"}}]}]}]},{\"type\":\"row\",\"props\":{\"column_gap\":\"collapse\",\"layout\":\"1-2,1-2\",\"row_gap\":\"collapse\"},\"children\":[{\"type\":\"column\",\"props\":{\"image_position\":\"center-center\",\"position_sticky_breakpoint\":\"m\",\"width_medium\":\"1-2\"},\"children\":[{\"type\":\"slideshow\",\"props\":{\"link_style\":\"default\",\"link_text\":\"Read more\",\"margin\":\"default\",\"meta_align\":\"below-title\",\"meta_element\":\"div\",\"meta_style\":\"text-meta\",\"nav\":\"dotnav\",\"nav_align\":\"center\",\"nav_breakpoint\":\"s\",\"nav_position\":\"bottom-center\",\"nav_position_margin\":\"medium\",\"overlay_animation\":\"parallax\",\"overlay_position\":\"center-left\",\"show_content\":true,\"show_link\":true,\"show_meta\":true,\"show_thumbnail\":true,\"show_title\":true,\"slidenav\":\"default\",\"slidenav_breakpoint\":\"s\",\"slidenav_margin\":\"medium\",\"slidenav_outside_breakpoint\":\"xl\",\"slideshow_autoplay_pause\":true,\"slideshow_min_height\":300,\"thumbnav_height\":\"75\",\"thumbnav_svg_color\":\"emphasis\",\"thumbnav_width\":\"100\",\"title_element\":\"h3\"},\"children\":[{\"type\":\"slideshow_item\",\"props\":{\"image\":\"wp-content\\\/uploads\\\/2022\\\/06\\\/beasain2.jpg\"}}]}]},{\"type\":\"column\",\"props\":{\"image_position\":\"center-center\",\"position_sticky_breakpoint\":\"m\",\"width_medium\":\"1-2\"},\"children\":[{\"type\":\"slideshow\",\"props\":{\"link_style\":\"default\",\"link_text\":\"Read more\",\"margin\":\"default\",\"meta_align\":\"below-title\",\"meta_element\":\"div\",\"meta_style\":\"text-meta\",\"nav\":\"dotnav\",\"nav_align\":\"center\",\"nav_breakpoint\":\"s\",\"nav_position\":\"bottom-center\",\"nav_position_margin\":\"medium\",\"overlay_animation\":\"parallax\",\"overlay_position\":\"center-left\",\"show_content\":true,\"show_link\":true,\"show_meta\":true,\"show_thumbnail\":true,\"show_title\":true,\"slidenav\":\"default\",\"slidenav_breakpoint\":\"s\",\"slidenav_margin\":\"medium\",\"slidenav_outside_breakpoint\":\"xl\",\"slideshow_autoplay_pause\":true,\"slideshow_min_height\":300,\"thumbnav_height\":\"75\",\"thumbnav_svg_color\":\"emphasis\",\"thumbnav_width\":\"100\",\"title_element\":\"h3\"},\"children\":[{\"type\":\"slideshow_item\",\"props\":{\"image\":\"wp-content\\\/uploads\\\/2022\\\/06\\\/beasain1.jpg\"}}]}]}]}],\"name\":\"beasain2\"}],\"version\":\"4.0.6\",\"yooessentialsVersion\":\"2.0.9\"} --><\/p>\n","protected":false},"excerpt":{"rendered":"<p>BEASAINGO BERTAKO PRODUKTUEN AZOKA En Beasain tenemos dos d\u00edas de feria. Una cada martes y otra feria especial que se celebra el primer s\u00e1bado del mes. La primera feria, el martes, se oficializ\u00f3 en 1926, aunque antes vend\u00edan productos propios de los baserritarras del pueblo y su entorno. Sin embargo, la feria dur\u00f3 poco, ya [&hellip;]<\/p>\n","protected":false},"author":1,"featured_media":0,"parent":0,"menu_order":0,"comment_status":"closed","ping_status":"closed","template":"","meta":[],"acf":[],"_links":{"self":[{"href":"https:\/\/azokensarea.eus\/es\/wp-json\/wp\/v2\/pages\/1060"}],"collection":[{"href":"https:\/\/azokensarea.eus\/es\/wp-json\/wp\/v2\/pages"}],"about":[{"href":"https:\/\/azokensarea.eus\/es\/wp-json\/wp\/v2\/types\/page"}],"author":[{"embeddable":true,"href":"https:\/\/azokensarea.eus\/es\/wp-json\/wp\/v2\/users\/1"}],"replies":[{"embeddable":true,"href":"https:\/\/azokensarea.eus\/es\/wp-json\/wp\/v2\/comments?post=1060"}],"version-history":[{"count":6,"href":"https:\/\/azokensarea.eus\/es\/wp-json\/wp\/v2\/pages\/1060\/revisions"}],"predecessor-version":[{"id":1692,"href":"https:\/\/azokensarea.eus\/es\/wp-json\/wp\/v2\/pages\/1060\/revisions\/1692"}],"wp:attachment":[{"href":"https:\/\/azokensarea.eus\/es\/wp-json\/wp\/v2\/media?parent=1060"}],"curies":[{"name":"wp","href":"https:\/\/api.w.org\/{rel}","templated":true}]}}